{"id":115,"date":"2019-12-08T21:31:16","date_gmt":"2019-12-08T21:31:16","guid":{"rendered":"http:\/\/stiftung-urmensch-mauer.de\/?page_id=115"},"modified":"2019-12-08T21:38:28","modified_gmt":"2019-12-08T21:38:28","slug":"klima-arena-kooperiert-mit-stiftung-urmensch-von-mauer","status":"publish","type":"page","link":"https:\/\/stiftung-urmensch-mauer.de\/?page_id=115","title":{"rendered":"KLIMA ARENA kooperiert mit Stiftung Urmensch von Mauer"},"content":{"rendered":"\n<p><em>Sinsheim. Die\nKlimastiftung f\u00fcr B\u00fcrger hat eine Kooperation mit der Stiftung Urmensch von\nMauer geschlossen. Ziel der Zusammenarbeit ist es, die Aufmerksamkeit f\u00fcr den\nSchutz der Umwelt und des Klimas zu erh\u00f6hen und Menschen zum Handeln zu\nmotivieren. Gemeinsam sollen k\u00fcnftig Bildungs- und Informationsangebote zur\nVermittlung der Stiftungsthemen in der KLIMA ARENA organisiert werden. <\/em><\/p>\n\n\n\n<p>\u201eEs gibt f\u00fcr unsere Themen mehrere Ankn\u00fcpfungspunkte zur\nStiftung Urmensch von Mauer. Wahrscheinlich sind es viel mehr, als man es sich\nauf dem ersten Blick vorstellt\u201c, erkl\u00e4rt Alfred Ehrhard, Vorstand der\nKlimastiftung f\u00fcr B\u00fcrger, dem Tr\u00e4ger der KLIMA ARENA. Bei der Besch\u00e4ftigung mit\nder 600.000 Jahre zur\u00fcckliegenden Vergangenheit w\u00fcrden bestimmte Aspekte des\nKlimawandels ganz besonders deutlich, betont Ehrhard. Denn zu der sogenannten\nMauerer Waldzeit, als der <em>Homo heidelbergensis<\/em>\nin der Region zwischen den heutigen St\u00e4dten Heidelberg und Heilbronn lebte, war\ndas Klima deutlich w\u00e4rmer als heute. <\/p>\n\n\n\n<p>Es existierten auch einige w\u00e4rmeliebende Tierarten wie\nWaldelefanten und Flusspferde neben Rehen, Wildschweinen und W\u00f6lfen, wie man\nsie auch heute noch kennt. Die W\u00e4lder der Mauerer Warmzeit zeigten mit Buchen,\nEichen, Birken und auch den Nadelh\u00f6lzern zwar das gleiche Artenspektrum wie\nheute, kamen damals aber mit einem deutlich w\u00e4rmeren Klima zurecht. \u201eMit\nsolchen Vergleichen kann die Ver\u00e4nderung des Klimas in unserem Eiszeitalter mit\nseinen Warm- und Kaltphasen, die Folgen der sich \u00e4ndernden Umweltfaktoren, die\nAnpassungsf\u00e4higkeit der vorhandenen und die Neu-Besiedlung durch andere Arten\nsowie die Bedeutung der Klimaschwankungen f\u00fcr die kulturelle Evolution der\nsteinzeitlichen Menschen spannend thematisiert werden\u201c, erkl\u00e4rt Alfred Ehrhard.\n<\/p>\n\n\n\n<p>\u201eEine Partnerschaft mit der Klima Arena einzugehen, liegt\nallein schon wegen der geringen Entfernung von nur 15 Kilometern zwischen dem\nneuen Klima-Erlebnisort und der Fundstelle des <strong><em>Homo heidelbergensis<\/em><\/strong>&nbsp;auf der Hand. Es freut uns, dass die Klima\nArena auf regionale Verbundenheit setzt, damit wir uns gegenseitig \u00fcber unsere\njeweiligen Aktivit\u00e4ten auf dem Laufenden halten und m\u00f6gliche gemeinsame\nProjektarbeiten abstimmen k\u00f6nnen\u201c, sagt Dr. Cornelia Sussieck von der Stiftung\nUrmensch von Mauer. Ein 1907 in Mauer gefundener Unterkiefer stellt ein\neinzigartiges menschliches Fossil dar. Er ist der \u00e4lteste Fund dieser Art in\nMitteleuropa. Sein Alter wird auf \u00fcber 600.000 Jahre datiert. Mit ihm wurde die\nArt&nbsp;<strong><em>Homo\nheidelbergensis<\/em><\/strong>&nbsp;benannt.<\/p>\n\n\n\n<p><strong>\u00dcber die Klimastiftung\nf\u00fcr B\u00fcrger<\/strong><\/p>\n\n\n\n<p>Die Klimastiftung f\u00fcr B\u00fcrger wurde im September 2014 von der Dietmar Hopp Stiftung GmbH gegr\u00fcndet. Auftrag der Klimastiftung f\u00fcr B\u00fcrger ist es, das Verst\u00e4ndnis f\u00fcr den Klimawandel und ein nachhaltiges Leben und Wirtschaften zu f\u00f6rdern und zum Handeln zu inspirieren. Dazu betreibt die Stiftung die Klima Arena, den Klima-Erlebnisort in Sinsheim als innovativen Ausstellungs- und au\u00dferschulischen Lernort f\u00fcr Familien und Schulklassen aller Altersstufen. Durch ein vielf\u00e4ltiges Veranstaltungsangebot ist die Klima Arena auch ein Ort der Wissensvermittlung und Plattform f\u00fcr alle, die sich f\u00fcr das Klima und Nachhaltigkeit engagieren.<\/p>\n\n\n\n<figure class=\"wp-block-image\"><img loading=\"lazy\" decoding=\"async\" width=\"1024\" height=\"837\" src=\"https:\/\/stiftung-urmensch-mauer.de\/wp-content\/uploads\/2019\/12\/PresseMitteilungKlimaArena-1024x837.jpg\" alt=\"\" class=\"wp-image-116\" srcset=\"https:\/\/stiftung-urmensch-mauer.de\/wp-content\/uploads\/2019\/12\/PresseMitteilungKlimaArena-1024x837.jpg 1024w, https:\/\/stiftung-urmensch-mauer.de\/wp-content\/uploads\/2019\/12\/PresseMitteilungKlimaArena-300x245.jpg 300w, https:\/\/stiftung-urmensch-mauer.de\/wp-content\/uploads\/2019\/12\/PresseMitteilungKlimaArena-768x627.jpg 768w, https:\/\/stiftung-urmensch-mauer.de\/wp-content\/uploads\/2019\/12\/PresseMitteilungKlimaArena.jpg 2000w\" sizes=\"auto, (max-width: 1024px) 100vw, 1024px\" \/><figcaption> Foto: Klimastiftung f\u00fcr B\u00fcrger. V.l.n.r.: Dr. Bernd Welz, Alfred Ehrhard, Vorst\u00e4nde der Klimastiftung f\u00fcr B\u00fcrger, Dr. Cornelia Sussieck, Dietrich Wegner, Stiftung Urmensch von Mauer <\/figcaption><\/figure>\n","protected":false},"excerpt":{"rendered":"<p>Sinsheim. Die Klimastiftung f\u00fcr B\u00fcrger hat eine Kooperation mit der Stiftung Urmensch von Mauer geschlossen. Ziel der Zusammenarbeit ist es, die Aufmerksamkeit f\u00fcr den Schutz der Umwelt und des Klimas zu erh\u00f6hen und Menschen zum Handeln zu motivieren. Gemeinsam sollen k\u00fcnftig Bildungs- und Informationsangebote zur Vermittlung der Stiftungsthemen in der KLIMA ARENA organisiert werden. \u201eEs &#8230; <a title=\"KLIMA ARENA kooperiert mit Stiftung Urmensch von Mauer\" class=\"read-more\" href=\"https:\/\/stiftung-urmensch-mauer.de\/?page_id=115\" aria-label=\"Mehr Informationen \u00fcber KLIMA ARENA kooperiert mit Stiftung Urmensch von Mauer\">Weiterlesen &#8230;<\/a><\/p>\n","protected":false},"author":1,"featured_media":0,"parent":0,"menu_order":0,"comment_status":"closed","ping_status":"closed","template":"","meta":{"footnotes":""},"class_list":["post-115","page","type-page","status-publish"],"_links":{"self":[{"href":"https:\/\/stiftung-urmensch-mauer.de\/index.php?rest_route=\/wp\/v2\/pages\/115","targetHints":{"allow":["GET"]}}],"collection":[{"href":"https:\/\/stiftung-urmensch-mauer.de\/index.php?rest_route=\/wp\/v2\/pages"}],"about":[{"href":"https:\/\/stiftung-urmensch-mauer.de\/index.php?rest_route=\/wp\/v2\/types\/page"}],"author":[{"embeddable":true,"href":"https:\/\/stiftung-urmensch-mauer.de\/index.php?rest_route=\/wp\/v2\/users\/1"}],"replies":[{"embeddable":true,"href":"https:\/\/stiftung-urmensch-mauer.de\/index.php?rest_route=%2Fwp%2Fv2%2Fcomments&post=115"}],"version-history":[{"count":2,"href":"https:\/\/stiftung-urmensch-mauer.de\/index.php?rest_route=\/wp\/v2\/pages\/115\/revisions"}],"predecessor-version":[{"id":122,"href":"https:\/\/stiftung-urmensch-mauer.de\/index.php?rest_route=\/wp\/v2\/pages\/115\/revisions\/122"}],"wp:attachment":[{"href":"https:\/\/stiftung-urmensch-mauer.de\/index.php?rest_route=%2Fwp%2Fv2%2Fmedia&parent=115"}],"curies":[{"name":"wp","href":"https:\/\/api.w.org\/{rel}","templated":true}]}}