{"id":342,"date":"2023-06-27T06:34:05","date_gmt":"2023-06-27T06:34:05","guid":{"rendered":"https:\/\/stiftung-urmensch-mauer.de\/?page_id=342"},"modified":"2023-06-27T06:34:05","modified_gmt":"2023-06-27T06:34:05","slug":"von-lorsch-ueber-mauer-bis-afrika-neue-kooperationsvereinbarung-verbindet-erd-und-menschheitsgeschichte","status":"publish","type":"page","link":"https:\/\/stiftung-urmensch-mauer.de\/?page_id=342","title":{"rendered":"Von Lorsch \u00fcber Mauer bis Afrika: Neue Kooperationsvereinbarung verbindet Erd- und Menschheitsgeschichte"},"content":{"rendered":"\n<p><strong>Pressemitteilung<\/strong><\/p>\n\n\n\n<p><strong>Der Verein <em>Homo heidelbergensis<\/em> von Mauer e.V., die Stiftung Urmensch von Mauer und der UNESCO Global Geopark Bergstra\u00dfe-Odenwald m\u00f6chten in Zukunft intensiver zusammenarbeiten, um das Wissen um die Urgeschichte des Menschen in der Region zu vermitteln. Am 3. Juni haben alle drei Partner in Lorsch eine entsprechende Kooperationsvereinbarung unterschrieben.<\/strong><\/p>\n\n\n\n<p>Dass in der heutigen Metropolregion Rhein-Neckar schon in der Fr\u00fchzeit vor rund 600.000 Jahren Vorfahren des heutigen Menschen gelebt haben, beweist der spektakul\u00e4re Fund des Unterkiefers des <em>Homo heidelbergensis<\/em> in der Gemeinde Mauer vor \u00fcber 100 Jahren. In der weiteren Entwicklung des Menschen nimmt der aus Afrika stammende <em>Homo heidelbergensis<\/em> eine zentrale Rolle ein. In Europa wurde er zum Vorfahren des vor etwa 30.000 Jahren ausgestorbenen Neandertalers, w\u00e4hrend aus dem afrikanischen <em>Homo heidelbergensis <\/em>der moderne Mensch, <em>Homo sapiens<\/em>, hervorging.<\/p>\n\n\n\n<p>Ziel des Vereins <em>Homo heidelbergensis<\/em> von Mauer e.V. und der Stiftung Urmensch von Mauer ist es einerseits, die wissenschaftliche Erforschung des<em> Homo heidelbergensis <\/em>und seines Umfeldes zu f\u00f6rdern und andererseits dieses f\u00fcr die Menschheitsgeschichte wichtige Wissen \u00fcber vielf\u00e4ltige \u00d6ffentlichkeitsarbeit in der Region zu verankern. Dr. Cornelia Sussieck, Vorstand der Stiftung Urmensch von Mauer f\u00fchrt aus: \u201eDurch die Kooperation mit dem UNESCO Global Geopark erhoffen wir uns, die zentrale Bedeutung des Fundes f\u00fcr das heutige Verst\u00e4ndnis der Menschheitsentwicklung im gesamten Gebiet und dar\u00fcber hinaus bekannt zu machen.\u201c<\/p>\n\n\n\n<p>Sylvia Kn\u00f6rr, Vorstand des Vereins <em>Homo heidelbergensis<\/em> von Mauer e.V. erg\u00e4nzt: \u201eDie Ziele des UNESCO Global Geoparks wie beispielsweise die Geologie, Natur und Geschichte der Region verst\u00e4ndlich zu erkl\u00e4ren und f\u00fcr kommende Generationen zu erhalten, passen wunderbar zu unserer eigenen Philosophie. Wenn wir unsere Aktivit\u00e4ten b\u00fcndeln, k\u00f6nnen wir dieses Vorhaben noch besser umsetzen.\u201c<\/p>\n\n\n\n<p>Auch Landrat Christian Engelhardt, Vorsitzender des UNESCO Global Geoparks Bergstra\u00dfe-Odenwald, sieht in der neuen Zusammenarbeit viele Synergien: \u201eDass ein so wichtiger Fund f\u00fcr die Geschichte der Menschheit hier in unmittelbarer N\u00e4he entdeckt wurde, ist ein toller Anlass, um die Menschwerdung zu vermitteln. Als UNESCO Global Geopark blicken wir auf die Erd- und Naturgeschichte. Gemeinsam mit unseren neuen Partnern in der Region aber auch auf internationaler Ebene k\u00f6nnen wir nun die Br\u00fccke zur Fr\u00fchgeschichte<br>des Menschen schlagen, die uns an vielen Stellen Anlass gibt, \u00fcber unser eigenes Verst\u00e4ndnis und den Umgang mit unserer Umwelt nachzudenken.\u201c<\/p>\n\n\n\n<p>\u201eZukunft braucht Herkunft!\u201c, ist auch das Motto der gemeinn\u00fctzigen Stiftung Urmensch von Mauer. Die neu geschlossene Kooperation beinhaltet insbesondere die gegenseitige Unterst\u00fctzung im Rahmen der \u00d6ffentlichkeitsarbeit, die Kooperation im Hinblick auf die Agenda 2030, die Beteiligung an Veranstaltungen des jeweiligen Partners sowie dessen Einbindung in die Website und Social Media.<\/p>\n\n\n\n<figure class=\"wp-block-image size-large\"><img loading=\"lazy\" decoding=\"async\" width=\"1024\" height=\"747\" src=\"http:\/\/stiftung-urmensch-mauer.de\/wp-content\/uploads\/2023\/06\/PM-Homoheidelbergensis1-1024x747.jpg\" alt=\"\" class=\"wp-image-649\" srcset=\"https:\/\/stiftung-urmensch-mauer.de\/wp-content\/uploads\/2023\/06\/PM-Homoheidelbergensis1-1024x747.jpg 1024w, https:\/\/stiftung-urmensch-mauer.de\/wp-content\/uploads\/2023\/06\/PM-Homoheidelbergensis1-300x219.jpg 300w, https:\/\/stiftung-urmensch-mauer.de\/wp-content\/uploads\/2023\/06\/PM-Homoheidelbergensis1-768x560.jpg 768w, https:\/\/stiftung-urmensch-mauer.de\/wp-content\/uploads\/2023\/06\/PM-Homoheidelbergensis1.jpg 1200w\" sizes=\"auto, (max-width: 1024px) 100vw, 1024px\" \/><figcaption class=\"wp-element-caption\">Foto: Geo-Naturpark Bergstra\u00dfe-Odenwald<\/figcaption><\/figure>\n","protected":false},"excerpt":{"rendered":"<p>Pressemitteilung Der Verein Homo heidelbergensis von Mauer e.V., die Stiftung Urmensch von Mauer und der UNESCO Global Geopark Bergstra\u00dfe-Odenwald m\u00f6chten in Zukunft intensiver zusammenarbeiten, um das Wissen um die Urgeschichte des Menschen in der Region zu vermitteln. Am 3. Juni haben alle drei Partner in Lorsch eine entsprechende Kooperationsvereinbarung unterschrieben. Dass in der heutigen Metropolregion &#8230; <a title=\"Von Lorsch \u00fcber Mauer bis Afrika: Neue Kooperationsvereinbarung verbindet Erd- und Menschheitsgeschichte\" class=\"read-more\" href=\"https:\/\/stiftung-urmensch-mauer.de\/?page_id=342\" aria-label=\"Mehr Informationen \u00fcber Von Lorsch \u00fcber Mauer bis Afrika: Neue Kooperationsvereinbarung verbindet Erd- und Menschheitsgeschichte\">Weiterlesen &#8230;<\/a><\/p>\n","protected":false},"author":1,"featured_media":0,"parent":0,"menu_order":0,"comment_status":"closed","ping_status":"closed","template":"","meta":{"footnotes":""},"class_list":["post-342","page","type-page","status-publish"],"_links":{"self":[{"href":"https:\/\/stiftung-urmensch-mauer.de\/index.php?rest_route=\/wp\/v2\/pages\/342","targetHints":{"allow":["GET"]}}],"collection":[{"href":"https:\/\/stiftung-urmensch-mauer.de\/index.php?rest_route=\/wp\/v2\/pages"}],"about":[{"href":"https:\/\/stiftung-urmensch-mauer.de\/index.php?rest_route=\/wp\/v2\/types\/page"}],"author":[{"embeddable":true,"href":"https:\/\/stiftung-urmensch-mauer.de\/index.php?rest_route=\/wp\/v2\/users\/1"}],"replies":[{"embeddable":true,"href":"https:\/\/stiftung-urmensch-mauer.de\/index.php?rest_route=%2Fwp%2Fv2%2Fcomments&post=342"}],"version-history":[{"count":2,"href":"https:\/\/stiftung-urmensch-mauer.de\/index.php?rest_route=\/wp\/v2\/pages\/342\/revisions"}],"predecessor-version":[{"id":656,"href":"https:\/\/stiftung-urmensch-mauer.de\/index.php?rest_route=\/wp\/v2\/pages\/342\/revisions\/656"}],"wp:attachment":[{"href":"https:\/\/stiftung-urmensch-mauer.de\/index.php?rest_route=%2Fwp%2Fv2%2Fmedia&parent=342"}],"curies":[{"name":"wp","href":"https:\/\/api.w.org\/{rel}","templated":true}]}}