{"id":398,"date":"2022-02-05T18:29:25","date_gmt":"2022-02-05T18:29:25","guid":{"rendered":"https:\/\/stiftung-urmensch-mauer.de\/?page_id=398"},"modified":"2022-02-05T18:35:53","modified_gmt":"2022-02-05T18:35:53","slug":"vortragsreihe-mensch-und-klima-in-der-klima-arena-sinsheim","status":"publish","type":"page","link":"https:\/\/stiftung-urmensch-mauer.de\/?page_id=398","title":{"rendered":"Vortragsreihe \u201eMensch und Klima\u201c in der Klima Arena Sinsheim"},"content":{"rendered":"\n<p><strong><em>Wie rasant kann sich das Klima \u00e4ndern und was bedeutet das f\u00fcr uns heute?<\/em><\/strong><\/p>\n\n\n\n<p>Am 6. und 7. November 2021 organisierte die Stiftung Urmensch von Mauer eine Vortragsreihe in und mit der <a href=\"https:\/\/klima-arena.de\/die-vergangenheit-kennen-um-die-zukunft-zu-verstehen-vortragsreihe-in-der-klima-arena\/\" target=\"_blank\" rel=\"noreferrer noopener\">Klima Arena Sinsheim<\/a>. Die Zuh\u00f6rer wurden mit auf eine Reise durch die Klimageschichte unseres Planeten genommen.<\/p>\n\n\n\n<p>Welche nat\u00fcrlichen Ursachen f\u00fcr massive Klimaver\u00e4nderungen kennen wir aus der Erdgeschichte? Welche Konsequenzen hatten diese f\u00fcr die Fauna und Flora? Wie einschneidend waren die Ver\u00e4nderungen f\u00fcr die Lebensr\u00e4ume dadurch und welche Schlussfolgerungen k\u00f6nnen wir daraus f\u00fcr unsere heutige Situation ziehen?<\/p>\n\n\n\n<p>Vier Wissenschaftler aus unterschiedlichen naturwissenschaftlichen Disziplinen sind im Zuge unserer zweit\u00e4gigen Vortragsreihe in der Klima Arena zu Wort gekommen:<\/p>\n\n\n\n<p><strong>Prof. Ulrich A. Glasmacher<\/strong><strong> <\/strong>(Institut f\u00fcr Geowissenschaften\/Universit\u00e4t Heidelberg) referierte \u00fcber die \u201c<em>Klima-Ver\u00e4nderung aus geowissenschaftlicher Sicht\u201d.<\/em><\/p>\n\n\n\n<p><strong>Dick Mol<\/strong> (Natural History Museum Rotterdam\/Niederlande) berichtete mit eindrucksvollen Bildern von \u201c<em>Modernen Mammutj\u00e4gern und Klimawandel: Die Nordsee als Schatzkammer f\u00fcr Pal\u00e4ontologie und Arch\u00e4ologie\u201d.<\/em><\/p>\n\n\n\n<p><strong>Dr. Uwe Kirscher<\/strong><strong> (<\/strong>Terrestrische Pal\u00e4oklimatologie, Senckenberg Center for Human Evolution&nbsp;and Palaeoenvironment\/Universit\u00e4t T\u00fcbingen)<em> <\/em>erz\u00e4hlte von einem neuen Forschungsansatz: \u201c<em>Spielte das Erdmagnetfeld eine gr\u00f6\u00dfere Rolle in der Entwicklung von S\u00e4ugetieren und Menschen als wir bisher dachten?\u201d<\/em><\/p>\n\n\n\n<p><strong>Prof. Marcus N\u00fcsser<\/strong> (Abteilung Geographie S\u00fcdasien-Institut\/Universit\u00e4t Heidelberg) zeigte \u201e<em>Die Ver\u00e4nderungen der <\/em><em>Vergletscherungen im Himalaya<\/em>\u201c im letzten Jahrhundert.<\/p>\n\n\n\n<p>Bei der Podiumsdiskussion zum Thema: \u201eKlima fr\u00fcher und heute \u2013 Was lernen wir daraus?\u201c unter Leitung von <strong>Dr. Kristina Eck<\/strong> diskutieren <strong>Prof. Dr. N\u00fcsser<\/strong>, <strong>Dr. Michael Riffel<\/strong> (RIFCON GmbH) und <strong>J\u00fcrgen Kretz<\/strong> (B\u00fcndnis 90\/Gr\u00fcne). Alle waren sich einig darin, dass Naturschutz weiter gefasst werden muss:<\/p>\n\n\n\n<p><strong>Die Ma\u00dfnahmen zur Eind\u00e4mmung des Klimawandels m\u00fcssen auch die noch vorhandene biologische Vielfalt auf unserem Planeten bewahren. Dies stellt eine sehr gro\u00dfe Herausforderung bei der Zusammenarbeit aller V\u00f6lker auf der Erde dar!<\/strong><\/p>\n\n\n\n<p>Wir danken der Klima Arena f\u00fcr einen reibungslosen Ablauf und die gute Zusammenarbeit, allen Teilnehmern f\u00fcr Ihr Kommen und den interessanten Austausch!<\/p>\n\n\n\n<figure class=\"wp-block-gallery columns-3 is-cropped wp-block-gallery-1 is-layout-flex wp-block-gallery-is-layout-flex\"><ul class=\"blocks-gallery-grid\"><li class=\"blocks-gallery-item\"><figure><img loading=\"lazy\" decoding=\"async\" width=\"1024\" height=\"683\" src=\"http:\/\/stiftung-urmensch-mauer.de\/wp-content\/uploads\/2022\/02\/KlimaArena_Nov_2021_01-1024x683.jpg\" alt=\"\" data-id=\"386\" data-full-url=\"http:\/\/stiftung-urmensch-mauer.de\/wp-content\/uploads\/2022\/02\/KlimaArena_Nov_2021_01.jpg\" data-link=\"https:\/\/stiftung-urmensch-mauer.de\/?attachment_id=386\" class=\"wp-image-386\" srcset=\"https:\/\/stiftung-urmensch-mauer.de\/wp-content\/uploads\/2022\/02\/KlimaArena_Nov_2021_01-1024x683.jpg 1024w, https:\/\/stiftung-urmensch-mauer.de\/wp-content\/uploads\/2022\/02\/KlimaArena_Nov_2021_01-300x200.jpg 300w, https:\/\/stiftung-urmensch-mauer.de\/wp-content\/uploads\/2022\/02\/KlimaArena_Nov_2021_01-768x512.jpg 768w, https:\/\/stiftung-urmensch-mauer.de\/wp-content\/uploads\/2022\/02\/KlimaArena_Nov_2021_01.jpg 1500w\" sizes=\"auto, (max-width: 1024px) 100vw, 1024px\" \/><\/figure><\/li><li class=\"blocks-gallery-item\"><figure><img loading=\"lazy\" decoding=\"async\" width=\"683\" height=\"1024\" src=\"http:\/\/stiftung-urmensch-mauer.de\/wp-content\/uploads\/2022\/02\/KlimaArena_Nov_2021_02-683x1024.jpg\" alt=\"\" data-id=\"387\" data-full-url=\"http:\/\/stiftung-urmensch-mauer.de\/wp-content\/uploads\/2022\/02\/KlimaArena_Nov_2021_02.jpg\" data-link=\"https:\/\/stiftung-urmensch-mauer.de\/?attachment_id=387\" class=\"wp-image-387\" srcset=\"https:\/\/stiftung-urmensch-mauer.de\/wp-content\/uploads\/2022\/02\/KlimaArena_Nov_2021_02-683x1024.jpg 683w, https:\/\/stiftung-urmensch-mauer.de\/wp-content\/uploads\/2022\/02\/KlimaArena_Nov_2021_02-200x300.jpg 200w, https:\/\/stiftung-urmensch-mauer.de\/wp-content\/uploads\/2022\/02\/KlimaArena_Nov_2021_02-768x1152.jpg 768w, https:\/\/stiftung-urmensch-mauer.de\/wp-content\/uploads\/2022\/02\/KlimaArena_Nov_2021_02.jpg 1000w\" sizes=\"auto, (max-width: 683px) 100vw, 683px\" \/><\/figure><\/li><li class=\"blocks-gallery-item\"><figure><img loading=\"lazy\" decoding=\"async\" width=\"1024\" height=\"683\" src=\"http:\/\/stiftung-urmensch-mauer.de\/wp-content\/uploads\/2022\/02\/KlimaArena_Nov_2021_03-1024x683.jpg\" alt=\"\" data-id=\"388\" data-full-url=\"http:\/\/stiftung-urmensch-mauer.de\/wp-content\/uploads\/2022\/02\/KlimaArena_Nov_2021_03.jpg\" data-link=\"https:\/\/stiftung-urmensch-mauer.de\/?attachment_id=388\" class=\"wp-image-388\" srcset=\"https:\/\/stiftung-urmensch-mauer.de\/wp-content\/uploads\/2022\/02\/KlimaArena_Nov_2021_03-1024x683.jpg 1024w, https:\/\/stiftung-urmensch-mauer.de\/wp-content\/uploads\/2022\/02\/KlimaArena_Nov_2021_03-300x200.jpg 300w, https:\/\/stiftung-urmensch-mauer.de\/wp-content\/uploads\/2022\/02\/KlimaArena_Nov_2021_03-768x512.jpg 768w, https:\/\/stiftung-urmensch-mauer.de\/wp-content\/uploads\/2022\/02\/KlimaArena_Nov_2021_03.jpg 1500w\" sizes=\"auto, (max-width: 1024px) 100vw, 1024px\" \/><\/figure><\/li><li class=\"blocks-gallery-item\"><figure><img loading=\"lazy\" decoding=\"async\" width=\"683\" height=\"1024\" src=\"http:\/\/stiftung-urmensch-mauer.de\/wp-content\/uploads\/2022\/02\/KlimaArena_Nov_2021_04-683x1024.jpg\" alt=\"\" data-id=\"389\" data-full-url=\"http:\/\/stiftung-urmensch-mauer.de\/wp-content\/uploads\/2022\/02\/KlimaArena_Nov_2021_04.jpg\" data-link=\"https:\/\/stiftung-urmensch-mauer.de\/?attachment_id=389\" class=\"wp-image-389\" srcset=\"https:\/\/stiftung-urmensch-mauer.de\/wp-content\/uploads\/2022\/02\/KlimaArena_Nov_2021_04-683x1024.jpg 683w, https:\/\/stiftung-urmensch-mauer.de\/wp-content\/uploads\/2022\/02\/KlimaArena_Nov_2021_04-200x300.jpg 200w, https:\/\/stiftung-urmensch-mauer.de\/wp-content\/uploads\/2022\/02\/KlimaArena_Nov_2021_04-768x1152.jpg 768w, https:\/\/stiftung-urmensch-mauer.de\/wp-content\/uploads\/2022\/02\/KlimaArena_Nov_2021_04.jpg 912w\" sizes=\"auto, (max-width: 683px) 100vw, 683px\" \/><\/figure><\/li><li class=\"blocks-gallery-item\"><figure><img loading=\"lazy\" decoding=\"async\" width=\"1024\" height=\"683\" src=\"http:\/\/stiftung-urmensch-mauer.de\/wp-content\/uploads\/2022\/02\/KlimaArena_Nov_2021_05-1024x683.jpg\" alt=\"\" data-id=\"390\" data-full-url=\"http:\/\/stiftung-urmensch-mauer.de\/wp-content\/uploads\/2022\/02\/KlimaArena_Nov_2021_05.jpg\" data-link=\"https:\/\/stiftung-urmensch-mauer.de\/?attachment_id=390\" class=\"wp-image-390\" srcset=\"https:\/\/stiftung-urmensch-mauer.de\/wp-content\/uploads\/2022\/02\/KlimaArena_Nov_2021_05-1024x683.jpg 1024w, https:\/\/stiftung-urmensch-mauer.de\/wp-content\/uploads\/2022\/02\/KlimaArena_Nov_2021_05-300x200.jpg 300w, https:\/\/stiftung-urmensch-mauer.de\/wp-content\/uploads\/2022\/02\/KlimaArena_Nov_2021_05-768x512.jpg 768w, https:\/\/stiftung-urmensch-mauer.de\/wp-content\/uploads\/2022\/02\/KlimaArena_Nov_2021_05.jpg 1500w\" sizes=\"auto, (max-width: 1024px) 100vw, 1024px\" \/><\/figure><\/li><li class=\"blocks-gallery-item\"><figure><img loading=\"lazy\" decoding=\"async\" width=\"1024\" height=\"683\" src=\"http:\/\/stiftung-urmensch-mauer.de\/wp-content\/uploads\/2022\/02\/KlimaArena_Nov_2021_08-1024x683.jpg\" alt=\"\" data-id=\"393\" data-full-url=\"http:\/\/stiftung-urmensch-mauer.de\/wp-content\/uploads\/2022\/02\/KlimaArena_Nov_2021_08.jpg\" data-link=\"https:\/\/stiftung-urmensch-mauer.de\/?attachment_id=393\" class=\"wp-image-393\" srcset=\"https:\/\/stiftung-urmensch-mauer.de\/wp-content\/uploads\/2022\/02\/KlimaArena_Nov_2021_08-1024x683.jpg 1024w, https:\/\/stiftung-urmensch-mauer.de\/wp-content\/uploads\/2022\/02\/KlimaArena_Nov_2021_08-300x200.jpg 300w, https:\/\/stiftung-urmensch-mauer.de\/wp-content\/uploads\/2022\/02\/KlimaArena_Nov_2021_08-768x512.jpg 768w, https:\/\/stiftung-urmensch-mauer.de\/wp-content\/uploads\/2022\/02\/KlimaArena_Nov_2021_08.jpg 1368w\" sizes=\"auto, (max-width: 1024px) 100vw, 1024px\" \/><\/figure><\/li><li class=\"blocks-gallery-item\"><figure><img loading=\"lazy\" decoding=\"async\" width=\"1024\" height=\"683\" src=\"http:\/\/stiftung-urmensch-mauer.de\/wp-content\/uploads\/2022\/02\/KlimaArena_Nov_2021_06-1024x683.jpg\" alt=\"\" data-id=\"391\" data-full-url=\"http:\/\/stiftung-urmensch-mauer.de\/wp-content\/uploads\/2022\/02\/KlimaArena_Nov_2021_06.jpg\" data-link=\"https:\/\/stiftung-urmensch-mauer.de\/?attachment_id=391\" class=\"wp-image-391\" srcset=\"https:\/\/stiftung-urmensch-mauer.de\/wp-content\/uploads\/2022\/02\/KlimaArena_Nov_2021_06-1024x683.jpg 1024w, https:\/\/stiftung-urmensch-mauer.de\/wp-content\/uploads\/2022\/02\/KlimaArena_Nov_2021_06-300x200.jpg 300w, https:\/\/stiftung-urmensch-mauer.de\/wp-content\/uploads\/2022\/02\/KlimaArena_Nov_2021_06-768x512.jpg 768w, https:\/\/stiftung-urmensch-mauer.de\/wp-content\/uploads\/2022\/02\/KlimaArena_Nov_2021_06.jpg 1368w\" sizes=\"auto, (max-width: 1024px) 100vw, 1024px\" \/><\/figure><\/li><li class=\"blocks-gallery-item\"><figure><img loading=\"lazy\" decoding=\"async\" width=\"1024\" height=\"683\" src=\"http:\/\/stiftung-urmensch-mauer.de\/wp-content\/uploads\/2022\/02\/KlimaArena_Nov_2021_07-1024x683.jpg\" alt=\"\" data-id=\"392\" data-full-url=\"http:\/\/stiftung-urmensch-mauer.de\/wp-content\/uploads\/2022\/02\/KlimaArena_Nov_2021_07.jpg\" data-link=\"https:\/\/stiftung-urmensch-mauer.de\/?attachment_id=392\" class=\"wp-image-392\" srcset=\"https:\/\/stiftung-urmensch-mauer.de\/wp-content\/uploads\/2022\/02\/KlimaArena_Nov_2021_07-1024x683.jpg 1024w, https:\/\/stiftung-urmensch-mauer.de\/wp-content\/uploads\/2022\/02\/KlimaArena_Nov_2021_07-300x200.jpg 300w, https:\/\/stiftung-urmensch-mauer.de\/wp-content\/uploads\/2022\/02\/KlimaArena_Nov_2021_07-768x512.jpg 768w, https:\/\/stiftung-urmensch-mauer.de\/wp-content\/uploads\/2022\/02\/KlimaArena_Nov_2021_07.jpg 1500w\" sizes=\"auto, (max-width: 1024px) 100vw, 1024px\" \/><\/figure><\/li><li class=\"blocks-gallery-item\"><figure><img loading=\"lazy\" decoding=\"async\" width=\"1024\" height=\"683\" src=\"http:\/\/stiftung-urmensch-mauer.de\/wp-content\/uploads\/2022\/02\/KlimaArena_Nov_2021_09-1024x683.jpg\" alt=\"\" data-id=\"394\" data-full-url=\"http:\/\/stiftung-urmensch-mauer.de\/wp-content\/uploads\/2022\/02\/KlimaArena_Nov_2021_09.jpg\" data-link=\"https:\/\/stiftung-urmensch-mauer.de\/?attachment_id=394\" class=\"wp-image-394\" srcset=\"https:\/\/stiftung-urmensch-mauer.de\/wp-content\/uploads\/2022\/02\/KlimaArena_Nov_2021_09-1024x683.jpg 1024w, https:\/\/stiftung-urmensch-mauer.de\/wp-content\/uploads\/2022\/02\/KlimaArena_Nov_2021_09-300x200.jpg 300w, https:\/\/stiftung-urmensch-mauer.de\/wp-content\/uploads\/2022\/02\/KlimaArena_Nov_2021_09-768x512.jpg 768w, https:\/\/stiftung-urmensch-mauer.de\/wp-content\/uploads\/2022\/02\/KlimaArena_Nov_2021_09.jpg 1368w\" sizes=\"auto, (max-width: 1024px) 100vw, 1024px\" \/><\/figure><\/li><li class=\"blocks-gallery-item\"><figure><img loading=\"lazy\" decoding=\"async\" width=\"1024\" height=\"683\" src=\"http:\/\/stiftung-urmensch-mauer.de\/wp-content\/uploads\/2022\/02\/KlimaArena_Nov_2021_10-1024x683.jpg\" alt=\"\" data-id=\"397\" data-full-url=\"http:\/\/stiftung-urmensch-mauer.de\/wp-content\/uploads\/2022\/02\/KlimaArena_Nov_2021_10.jpg\" data-link=\"https:\/\/stiftung-urmensch-mauer.de\/?attachment_id=397\" class=\"wp-image-397\" srcset=\"https:\/\/stiftung-urmensch-mauer.de\/wp-content\/uploads\/2022\/02\/KlimaArena_Nov_2021_10-1024x683.jpg 1024w, https:\/\/stiftung-urmensch-mauer.de\/wp-content\/uploads\/2022\/02\/KlimaArena_Nov_2021_10-300x200.jpg 300w, https:\/\/stiftung-urmensch-mauer.de\/wp-content\/uploads\/2022\/02\/KlimaArena_Nov_2021_10-768x512.jpg 768w, https:\/\/stiftung-urmensch-mauer.de\/wp-content\/uploads\/2022\/02\/KlimaArena_Nov_2021_10.jpg 1500w\" sizes=\"auto, (max-width: 1024px) 100vw, 1024px\" \/><\/figure><\/li><li class=\"blocks-gallery-item\"><figure><img loading=\"lazy\" decoding=\"async\" width=\"1024\" height=\"683\" src=\"http:\/\/stiftung-urmensch-mauer.de\/wp-content\/uploads\/2022\/02\/KlimaArena_Nov_2021_11-1024x683.jpg\" alt=\"\" data-id=\"395\" data-full-url=\"http:\/\/stiftung-urmensch-mauer.de\/wp-content\/uploads\/2022\/02\/KlimaArena_Nov_2021_11.jpg\" data-link=\"https:\/\/stiftung-urmensch-mauer.de\/?attachment_id=395\" class=\"wp-image-395\" srcset=\"https:\/\/stiftung-urmensch-mauer.de\/wp-content\/uploads\/2022\/02\/KlimaArena_Nov_2021_11-1024x683.jpg 1024w, https:\/\/stiftung-urmensch-mauer.de\/wp-content\/uploads\/2022\/02\/KlimaArena_Nov_2021_11-300x200.jpg 300w, https:\/\/stiftung-urmensch-mauer.de\/wp-content\/uploads\/2022\/02\/KlimaArena_Nov_2021_11-768x512.jpg 768w, https:\/\/stiftung-urmensch-mauer.de\/wp-content\/uploads\/2022\/02\/KlimaArena_Nov_2021_11.jpg 1500w\" sizes=\"auto, (max-width: 1024px) 100vw, 1024px\" \/><\/figure><\/li><li class=\"blocks-gallery-item\"><figure><img loading=\"lazy\" decoding=\"async\" width=\"1024\" height=\"589\" src=\"http:\/\/stiftung-urmensch-mauer.de\/wp-content\/uploads\/2022\/02\/KlimaArena_Nov_2021_12-1024x589.jpg\" alt=\"\" data-id=\"396\" data-full-url=\"http:\/\/stiftung-urmensch-mauer.de\/wp-content\/uploads\/2022\/02\/KlimaArena_Nov_2021_12.jpg\" data-link=\"https:\/\/stiftung-urmensch-mauer.de\/?attachment_id=396\" class=\"wp-image-396\" srcset=\"https:\/\/stiftung-urmensch-mauer.de\/wp-content\/uploads\/2022\/02\/KlimaArena_Nov_2021_12-1024x589.jpg 1024w, https:\/\/stiftung-urmensch-mauer.de\/wp-content\/uploads\/2022\/02\/KlimaArena_Nov_2021_12-300x173.jpg 300w, https:\/\/stiftung-urmensch-mauer.de\/wp-content\/uploads\/2022\/02\/KlimaArena_Nov_2021_12-768x442.jpg 768w, https:\/\/stiftung-urmensch-mauer.de\/wp-content\/uploads\/2022\/02\/KlimaArena_Nov_2021_12.jpg 1303w\" sizes=\"auto, (max-width: 1024px) 100vw, 1024px\" \/><\/figure><\/li><\/ul><\/figure>\n\n\n\n<div class=\"wp-block-columns is-layout-flex wp-container-core-columns-is-layout-9d6595d7 wp-block-columns-is-layout-flex\">\n<div class=\"wp-block-column is-layout-flow wp-block-column-is-layout-flow\" style=\"flex-basis:100%\">\n<div class=\"wp-block-group alignwide is-layout-flow wp-block-group-is-layout-flow\"><div class=\"wp-block-group__inner-container\"><\/div><\/div>\n<\/div>\n<\/div>\n\n\n\n<p><\/p>\n","protected":false},"excerpt":{"rendered":"<p>Wie rasant kann sich das Klima \u00e4ndern und was bedeutet das f\u00fcr uns heute? Am 6. und 7. November 2021 organisierte die Stiftung Urmensch von Mauer eine Vortragsreihe in und mit der Klima Arena Sinsheim. Die Zuh\u00f6rer wurden mit auf eine Reise durch die Klimageschichte unseres Planeten genommen. Welche nat\u00fcrlichen Ursachen f\u00fcr massive Klimaver\u00e4nderungen kennen &#8230; <a title=\"Vortragsreihe \u201eMensch und Klima\u201c in der Klima Arena Sinsheim\" class=\"read-more\" href=\"https:\/\/stiftung-urmensch-mauer.de\/?page_id=398\" aria-label=\"Mehr Informationen \u00fcber Vortragsreihe \u201eMensch und Klima\u201c in der Klima Arena Sinsheim\">Weiterlesen &#8230;<\/a><\/p>\n","protected":false},"author":1,"featured_media":0,"parent":0,"menu_order":0,"comment_status":"closed","ping_status":"closed","template":"","meta":{"footnotes":""},"class_list":["post-398","page","type-page","status-publish"],"_links":{"self":[{"href":"https:\/\/stiftung-urmensch-mauer.de\/index.php?rest_route=\/wp\/v2\/pages\/398","targetHints":{"allow":["GET"]}}],"collection":[{"href":"https:\/\/stiftung-urmensch-mauer.de\/index.php?rest_route=\/wp\/v2\/pages"}],"about":[{"href":"https:\/\/stiftung-urmensch-mauer.de\/index.php?rest_route=\/wp\/v2\/types\/page"}],"author":[{"embeddable":true,"href":"https:\/\/stiftung-urmensch-mauer.de\/index.php?rest_route=\/wp\/v2\/users\/1"}],"replies":[{"embeddable":true,"href":"https:\/\/stiftung-urmensch-mauer.de\/index.php?rest_route=%2Fwp%2Fv2%2Fcomments&post=398"}],"version-history":[{"count":2,"href":"https:\/\/stiftung-urmensch-mauer.de\/index.php?rest_route=\/wp\/v2\/pages\/398\/revisions"}],"predecessor-version":[{"id":405,"href":"https:\/\/stiftung-urmensch-mauer.de\/index.php?rest_route=\/wp\/v2\/pages\/398\/revisions\/405"}],"wp:attachment":[{"href":"https:\/\/stiftung-urmensch-mauer.de\/index.php?rest_route=%2Fwp%2Fv2%2Fmedia&parent=398"}],"curies":[{"name":"wp","href":"https:\/\/api.w.org\/{rel}","templated":true}]}}