{"id":765,"date":"2024-06-09T21:40:55","date_gmt":"2024-06-09T21:40:55","guid":{"rendered":"https:\/\/stiftung-urmensch-mauer.de\/?page_id=765"},"modified":"2024-06-26T11:52:13","modified_gmt":"2024-06-26T11:52:13","slug":"wander-ausstellung-vielfalt-des-kraichgaus-kulturlandschaft-mit-wildem-herzen","status":"publish","type":"page","link":"https:\/\/stiftung-urmensch-mauer.de\/?page_id=765","title":{"rendered":"Wander-Ausstellung \u201eVielfalt des Kraichgaus \u2013 Kulturlandschaft mit wildem Herzen\u201c"},"content":{"rendered":"\n<p>Die Ausstellung war vom 8. Mai bis 12. Juni 2024 in der Stadt-Apotheke in Neckarbischofsheim mit 16 gro\u00dfen Schautafeln zu Gast. Sie wurde erm\u00f6glicht in Zusammenarbeit der Stiftung Urmensch von Mauer zusammen mit dem Verein ISbN (<a href=\"http:\/\/www.isbn-nbh.de\/index.php\" target=\"_blank\" rel=\"noreferrer noopener\">Initiative f\u00fcr die Stadtb\u00fccherei Neckarbischofsheim<\/a>). Anja Hoffmann (<a href=\"https:\/\/www.nabu-sinsheim.de\/\" target=\"_blank\" rel=\"noreferrer noopener\">NABU Sinsheim<\/a>) und Nadja Salzmann (<a href=\"https:\/\/lev-rhein-neckar.de\/\" target=\"_blank\" rel=\"noreferrer noopener\">Landschaftserhaltungsverband (LEV) Rhein-Neckar e.V.<\/a>) haben die Ausstellung gemeinsam er\u00f6ffnet und die sehr interessierten G\u00e4ste durch die Ausstellung und ihre Inhalte gef\u00fchrt.<\/p>\n\n\n\n<p>Auf den H\u00fcgeln des Kraichgaus liegt ein buntes Mosaik aus vielf\u00e4ltigen Lebensr\u00e4umen. Geschaffen hat diese Vielfalt der Mensch mit seinen Weinbergen, \u00c4ckern und Viehweiden, den Streuobstwiesen und W\u00e4ldern. In einem Netzwerk des Lebens sind hier Mensch, Tier- und Pflanzenwelt im Austausch miteinander verwoben. Ein jeder profitiert vom anderen. Diese Vielfalt des Lebens im Kraichgau liegt uns am Herzen. Die Wanderausstellung \u201eVielfalt des Kraichgaus &#8211; Kulturlandschaft mit wildem Herz\u201c &#8211; ein Gemeinschaftsprojekt des Naturschutzbundes (NABU) Sinsheim, dem Landschaftserhaltungsverband (LEV) Rhein-Neckar e.V. und der <a href=\"https:\/\/www.sinsheim.de\/startseite\" target=\"_blank\" rel=\"noreferrer noopener\">Stadt Sinsheim<\/a> f\u00fchrt durch das wunderreiche, aber auch gef\u00e4hrdete Netz des Lebens.<\/p>\n\n\n\n<p>Anja Hoffmann, Dipl. Biologin, Vorstandsmitglied und Mitbegr\u00fcnderin des NABU Sinsheim erkl\u00e4rt ihre Motivation, an der Mitarbeit und Konzeption der Ausstellung mit folgenden Worten: \u201eDie reiche, bunte und vielf\u00e4ltige Kulturlandschaft hat mich gepr\u00e4gt und den Grundstein gelegt f\u00fcr meine Liebe und Begeisterung zur Natur. Hier im Kraichgau entstand der Wunsch, die Lehre des Lebens, die Biologie zu studieren und mein Leben dem Schutz und Erhalt der Natur und ihrer Vielfalt zu widmen. Meine Mitarbeit an dieser wundersch\u00f6nen Ausstellung ist eine Hommage an meine Heimat.\u201c<\/p>\n\n\n\n<figure class=\"wp-block-gallery has-nested-images columns-default is-cropped wp-block-gallery-1 is-layout-flex wp-block-gallery-is-layout-flex\">\n<figure class=\"wp-block-image size-large\"><img loading=\"lazy\" decoding=\"async\" width=\"1024\" height=\"768\" data-id=\"762\" src=\"http:\/\/stiftung-urmensch-mauer.de\/wp-content\/uploads\/2024\/06\/240508_Ausstellung_Kraichgau_01-1024x768.jpg\" alt=\"\" class=\"wp-image-762\" srcset=\"https:\/\/stiftung-urmensch-mauer.de\/wp-content\/uploads\/2024\/06\/240508_Ausstellung_Kraichgau_01-1024x768.jpg 1024w, https:\/\/stiftung-urmensch-mauer.de\/wp-content\/uploads\/2024\/06\/240508_Ausstellung_Kraichgau_01-300x225.jpg 300w, https:\/\/stiftung-urmensch-mauer.de\/wp-content\/uploads\/2024\/06\/240508_Ausstellung_Kraichgau_01-768x576.jpg 768w, https:\/\/stiftung-urmensch-mauer.de\/wp-content\/uploads\/2024\/06\/240508_Ausstellung_Kraichgau_01-1536x1152.jpg 1536w, https:\/\/stiftung-urmensch-mauer.de\/wp-content\/uploads\/2024\/06\/240508_Ausstellung_Kraichgau_01.jpg 2016w\" sizes=\"auto, (max-width: 1024px) 100vw, 1024px\" \/><\/figure>\n\n\n\n<figure class=\"wp-block-image size-large\"><img loading=\"lazy\" decoding=\"async\" width=\"1024\" height=\"768\" data-id=\"763\" src=\"http:\/\/stiftung-urmensch-mauer.de\/wp-content\/uploads\/2024\/06\/240508_Ausstellung_Kraichgau_02-1024x768.jpg\" alt=\"\" class=\"wp-image-763\" srcset=\"https:\/\/stiftung-urmensch-mauer.de\/wp-content\/uploads\/2024\/06\/240508_Ausstellung_Kraichgau_02-1024x768.jpg 1024w, https:\/\/stiftung-urmensch-mauer.de\/wp-content\/uploads\/2024\/06\/240508_Ausstellung_Kraichgau_02-300x225.jpg 300w, https:\/\/stiftung-urmensch-mauer.de\/wp-content\/uploads\/2024\/06\/240508_Ausstellung_Kraichgau_02-768x576.jpg 768w, https:\/\/stiftung-urmensch-mauer.de\/wp-content\/uploads\/2024\/06\/240508_Ausstellung_Kraichgau_02-1536x1152.jpg 1536w, https:\/\/stiftung-urmensch-mauer.de\/wp-content\/uploads\/2024\/06\/240508_Ausstellung_Kraichgau_02.jpg 2016w\" sizes=\"auto, (max-width: 1024px) 100vw, 1024px\" \/><\/figure>\n<\/figure>\n\n\n\n<p><\/p>\n\n\n\n<div class=\"wp-block-columns is-layout-flex wp-container-core-columns-is-layout-9d6595d7 wp-block-columns-is-layout-flex\">\n<div class=\"wp-block-column is-layout-flow wp-block-column-is-layout-flow\" style=\"flex-basis:100%\"><\/div>\n<\/div>\n\n\n\n<p><\/p>\n","protected":false},"excerpt":{"rendered":"<p>Die Ausstellung war vom 8. Mai bis 12. Juni 2024 in der Stadt-Apotheke in Neckarbischofsheim mit 16 gro\u00dfen Schautafeln zu Gast. Sie wurde erm\u00f6glicht in Zusammenarbeit der Stiftung Urmensch von Mauer zusammen mit dem Verein ISbN (Initiative f\u00fcr die Stadtb\u00fccherei Neckarbischofsheim). Anja Hoffmann (NABU Sinsheim) und Nadja Salzmann (Landschaftserhaltungsverband (LEV) Rhein-Neckar e.V.) haben die Ausstellung &#8230; <a title=\"Wander-Ausstellung \u201eVielfalt des Kraichgaus \u2013 Kulturlandschaft mit wildem Herzen\u201c\" class=\"read-more\" href=\"https:\/\/stiftung-urmensch-mauer.de\/?page_id=765\" aria-label=\"Mehr Informationen \u00fcber Wander-Ausstellung \u201eVielfalt des Kraichgaus \u2013 Kulturlandschaft mit wildem Herzen\u201c\">Weiterlesen &#8230;<\/a><\/p>\n","protected":false},"author":1,"featured_media":0,"parent":0,"menu_order":0,"comment_status":"closed","ping_status":"closed","template":"","meta":{"footnotes":""},"class_list":["post-765","page","type-page","status-publish"],"_links":{"self":[{"href":"https:\/\/stiftung-urmensch-mauer.de\/index.php?rest_route=\/wp\/v2\/pages\/765","targetHints":{"allow":["GET"]}}],"collection":[{"href":"https:\/\/stiftung-urmensch-mauer.de\/index.php?rest_route=\/wp\/v2\/pages"}],"about":[{"href":"https:\/\/stiftung-urmensch-mauer.de\/index.php?rest_route=\/wp\/v2\/types\/page"}],"author":[{"embeddable":true,"href":"https:\/\/stiftung-urmensch-mauer.de\/index.php?rest_route=\/wp\/v2\/users\/1"}],"replies":[{"embeddable":true,"href":"https:\/\/stiftung-urmensch-mauer.de\/index.php?rest_route=%2Fwp%2Fv2%2Fcomments&post=765"}],"version-history":[{"count":3,"href":"https:\/\/stiftung-urmensch-mauer.de\/index.php?rest_route=\/wp\/v2\/pages\/765\/revisions"}],"predecessor-version":[{"id":779,"href":"https:\/\/stiftung-urmensch-mauer.de\/index.php?rest_route=\/wp\/v2\/pages\/765\/revisions\/779"}],"wp:attachment":[{"href":"https:\/\/stiftung-urmensch-mauer.de\/index.php?rest_route=%2Fwp%2Fv2%2Fmedia&parent=765"}],"curies":[{"name":"wp","href":"https:\/\/api.w.org\/{rel}","templated":true}]}}