{"id":866,"date":"2025-02-17T22:15:16","date_gmt":"2025-02-17T22:15:16","guid":{"rendered":"https:\/\/stiftung-urmensch-mauer.de\/?page_id=866"},"modified":"2025-02-17T22:21:05","modified_gmt":"2025-02-17T22:21:05","slug":"stiftung-urmensch-von-mauer-und-verein-homo-heidelbergensis-von-mauer-e-v-vertiefen-ihre-kooperation","status":"publish","type":"page","link":"https:\/\/stiftung-urmensch-mauer.de\/?page_id=866","title":{"rendered":"Stiftung Urmensch von Mauer und Verein Homo heidelbergensis von Mauer e.V. vertiefen ihre Kooperation"},"content":{"rendered":"\n<p>Mauer, 29. Januar 2025<\/p>\n\n\n\n<p><strong>Gemeinsam wollen die beiden Einrichtungen die Bekanntheit des <em>Homo heidelbergensis<\/em> und der Gemeinde Mauer st\u00e4rken.<\/strong><\/p>\n\n\n\n<p>Der Urmensch <em>Homo heidelbergensis<\/em> ist ein wichtiges Bindeglied in der Evolutionsgeschichte des Menschen: Von ihm stammen die europ\u00e4ischen Neandertaler ab, mit denen sich schlie\u00dflich der <em>Homo sapiens<\/em> vermischt hat. In Mauer liegt also mit dem 1907 gefundenen, ber\u00fchmten Unterkiefer ein Meilenstein der Menschheitsgeschichte, das \u00e4lteste in Europa gefundene Zeugnis des von Afrika eingewanderten <em>Homo heidelbergensis<\/em>.<\/p>\n\n\n\n<p>Um das Wissen \u00fcber den <em>Homo heidelbergensis<\/em> und seine Bekanntheit \u00fcber den wissenschaftlichen Ansatz hinaus weiter zu f\u00f6rdern, werden die Stiftung Urmensch von Mauer und der Verein <em>Homo heidelbergensis <\/em>von Mauer e.V. k\u00fcnftig st\u00e4rker zusammenarbeiten. Seit \u00fcber 20 Jahren informiert der Verein <em>Homo heidelbergensis<\/em> von Mauer e.V. die Bev\u00f6lkerung \u00fcber den Urmenschen mit Vortr\u00e4gen und F\u00fchrungen unter anderem durch das bestehende Urgeschichtliche Museum im Rathaus der Gemeinde. Nun soll ein neues Museum das Thema modern und erlebnisbetont darstellen.<\/p>\n\n\n\n<p>Da liegt nichts n\u00e4her, als dass Verein und Stiftung ihre Kompetenzen und Erfahrungen b\u00fcndeln. \u201eMit der Stiftung m\u00f6chten wir das Alleinstellungsmerkmal der Gemeinde Mauer als Fundstelle des Unterkiefers des <em>Homo heidelbergensis<\/em> sch\u00e4rfen und weiter ausbauen\u201c, sagt die Stifterin Dr. Cornelia Sussieck. \u201eEin Museum mit Zugkraft in der N\u00e4he der weltweit bekannten Stadt Heidelberg wird einen direkten Mehrwert f\u00fcr die Gemeinde und die Region schaffen.\u201c<\/p>\n\n\n\n<p>Die Vorsitzende des Vereins <em>Homo heidelbergensis <\/em>von Mauer e.V., Dr. Kristina Eck, meint: \u201eWir freuen uns als Verein unsere Expertise und Erfahrungen nicht nur im Bereich der Wissenschaft, sondern auch der Wissensvermittlung, in das neue Projekt mit einflie\u00dfen zu lassen. Ich denke, wir k\u00f6nnen mit unseren Erfahrungen der letzten Jahre viel zum neuen Museum beitragen\u201c.<\/p>\n\n\n\n<p>Details der Zusammenarbeit enth\u00e4lt der jetzt beschlossene Kooperationsvertrag. So wird sich ein Expertenrat regelm\u00e4\u00dfig treffen. Darin wird es um \u00fcbergeordnete Themen gehen, wie eine umfassende Strategie f\u00fcr das Erscheinungsbild der Pr\u00e4sentation des Urmenschen oder das Ausstellungskonzept f\u00fcr das Museum. Ebenso werden hier gemeinsame Aktionen geplant und Marketingziele festgelegt. \u201eUnsere Zusammenarbeit gestalten wir erfolgreich, indem wir uns eng abstimmen und auch st\u00e4ndig weiterentwickeln\u201c, so Dr. Sussieck. \u201eDer Ort, an dem vor \u00fcber hundert Jahren die \u00dcberreste eines urzeitlichen Menschen entdeckt wurden, der vor \u00fcber 600.000 Jahren hier lebte, kann so durch unser heutiges Zusammenwirken zukunftsweisend werden.\u201c<\/p>\n\n\n\n<figure class=\"wp-block-gallery has-nested-images columns-default is-cropped wp-block-gallery-1 is-layout-flex wp-block-gallery-is-layout-flex\">\n<figure class=\"wp-block-image size-large\"><img loading=\"lazy\" decoding=\"async\" width=\"1024\" height=\"683\" data-id=\"864\" src=\"http:\/\/stiftung-urmensch-mauer.de\/wp-content\/uploads\/2025\/02\/DSC00911bb-1024x683.jpg\" alt=\"\" class=\"wp-image-864\" srcset=\"https:\/\/stiftung-urmensch-mauer.de\/wp-content\/uploads\/2025\/02\/DSC00911bb-1024x683.jpg 1024w, https:\/\/stiftung-urmensch-mauer.de\/wp-content\/uploads\/2025\/02\/DSC00911bb-300x200.jpg 300w, https:\/\/stiftung-urmensch-mauer.de\/wp-content\/uploads\/2025\/02\/DSC00911bb-768x512.jpg 768w, https:\/\/stiftung-urmensch-mauer.de\/wp-content\/uploads\/2025\/02\/DSC00911bb-1536x1024.jpg 1536w, https:\/\/stiftung-urmensch-mauer.de\/wp-content\/uploads\/2025\/02\/DSC00911bb-2048x1366.jpg 2048w\" sizes=\"auto, (max-width: 1024px) 100vw, 1024px\" \/><\/figure>\n\n\n\n<figure class=\"wp-block-image size-large\"><img loading=\"lazy\" decoding=\"async\" width=\"1024\" height=\"683\" data-id=\"865\" src=\"http:\/\/stiftung-urmensch-mauer.de\/wp-content\/uploads\/2025\/02\/DSC00896_b_b-1024x683.jpg\" alt=\"\" class=\"wp-image-865\" srcset=\"https:\/\/stiftung-urmensch-mauer.de\/wp-content\/uploads\/2025\/02\/DSC00896_b_b-1024x683.jpg 1024w, https:\/\/stiftung-urmensch-mauer.de\/wp-content\/uploads\/2025\/02\/DSC00896_b_b-300x200.jpg 300w, https:\/\/stiftung-urmensch-mauer.de\/wp-content\/uploads\/2025\/02\/DSC00896_b_b-768x512.jpg 768w, https:\/\/stiftung-urmensch-mauer.de\/wp-content\/uploads\/2025\/02\/DSC00896_b_b-1536x1024.jpg 1536w, https:\/\/stiftung-urmensch-mauer.de\/wp-content\/uploads\/2025\/02\/DSC00896_b_b-2048x1365.jpg 2048w\" sizes=\"auto, (max-width: 1024px) 100vw, 1024px\" \/><\/figure>\n\n\n\n<figure class=\"wp-block-image size-large\"><img loading=\"lazy\" decoding=\"async\" width=\"1024\" height=\"683\" data-id=\"863\" src=\"https:\/\/stiftung-urmensch-mauer.de\/wp-content\/uploads\/2025\/02\/DSC00954_b_b-1024x683.jpg\" alt=\"\" class=\"wp-image-863\" srcset=\"https:\/\/stiftung-urmensch-mauer.de\/wp-content\/uploads\/2025\/02\/DSC00954_b_b-1024x683.jpg 1024w, https:\/\/stiftung-urmensch-mauer.de\/wp-content\/uploads\/2025\/02\/DSC00954_b_b-300x200.jpg 300w, https:\/\/stiftung-urmensch-mauer.de\/wp-content\/uploads\/2025\/02\/DSC00954_b_b-768x512.jpg 768w, https:\/\/stiftung-urmensch-mauer.de\/wp-content\/uploads\/2025\/02\/DSC00954_b_b-1536x1024.jpg 1536w, https:\/\/stiftung-urmensch-mauer.de\/wp-content\/uploads\/2025\/02\/DSC00954_b_b-2048x1365.jpg 2048w\" sizes=\"auto, (max-width: 1024px) 100vw, 1024px\" \/><\/figure>\n<\/figure>\n\n\n\n<p><\/p>\n\n\n\n<div class=\"wp-block-columns is-layout-flex wp-container-core-columns-is-layout-9d6595d7 wp-block-columns-is-layout-flex\">\n<div class=\"wp-block-column is-layout-flow wp-block-column-is-layout-flow\" style=\"flex-basis:100%\"><\/div>\n<\/div>\n\n\n\n<p><\/p>\n","protected":false},"excerpt":{"rendered":"<p>Mauer, 29. Januar 2025 Gemeinsam wollen die beiden Einrichtungen die Bekanntheit des Homo heidelbergensis und der Gemeinde Mauer st\u00e4rken. Der Urmensch Homo heidelbergensis ist ein wichtiges Bindeglied in der Evolutionsgeschichte des Menschen: Von ihm stammen die europ\u00e4ischen Neandertaler ab, mit denen sich schlie\u00dflich der Homo sapiens vermischt hat. In Mauer liegt also mit dem 1907 &#8230; <a title=\"Stiftung Urmensch von Mauer und Verein Homo heidelbergensis von Mauer e.V. vertiefen ihre Kooperation\" class=\"read-more\" href=\"https:\/\/stiftung-urmensch-mauer.de\/?page_id=866\" aria-label=\"Mehr Informationen \u00fcber Stiftung Urmensch von Mauer und Verein Homo heidelbergensis von Mauer e.V. vertiefen ihre Kooperation\">Weiterlesen &#8230;<\/a><\/p>\n","protected":false},"author":1,"featured_media":0,"parent":0,"menu_order":0,"comment_status":"closed","ping_status":"closed","template":"","meta":{"footnotes":""},"class_list":["post-866","page","type-page","status-publish"],"_links":{"self":[{"href":"https:\/\/stiftung-urmensch-mauer.de\/index.php?rest_route=\/wp\/v2\/pages\/866","targetHints":{"allow":["GET"]}}],"collection":[{"href":"https:\/\/stiftung-urmensch-mauer.de\/index.php?rest_route=\/wp\/v2\/pages"}],"about":[{"href":"https:\/\/stiftung-urmensch-mauer.de\/index.php?rest_route=\/wp\/v2\/types\/page"}],"author":[{"embeddable":true,"href":"https:\/\/stiftung-urmensch-mauer.de\/index.php?rest_route=\/wp\/v2\/users\/1"}],"replies":[{"embeddable":true,"href":"https:\/\/stiftung-urmensch-mauer.de\/index.php?rest_route=%2Fwp%2Fv2%2Fcomments&post=866"}],"version-history":[{"count":1,"href":"https:\/\/stiftung-urmensch-mauer.de\/index.php?rest_route=\/wp\/v2\/pages\/866\/revisions"}],"predecessor-version":[{"id":867,"href":"https:\/\/stiftung-urmensch-mauer.de\/index.php?rest_route=\/wp\/v2\/pages\/866\/revisions\/867"}],"wp:attachment":[{"href":"https:\/\/stiftung-urmensch-mauer.de\/index.php?rest_route=%2Fwp%2Fv2%2Fmedia&parent=866"}],"curies":[{"name":"wp","href":"https:\/\/api.w.org\/{rel}","templated":true}]}}